

{"id":2629,"date":"2026-03-09T13:13:29","date_gmt":"2026-03-09T12:13:29","guid":{"rendered":"https:\/\/blog.hwr-berlin.de\/futuretourism\/?page_id=2629"},"modified":"2026-03-10T19:07:50","modified_gmt":"2026-03-10T18:07:50","slug":"tag-5-11-02-2026","status":"publish","type":"page","link":"https:\/\/blog.hwr-berlin.de\/futuretourism\/tag-5-11-02-2026\/","title":{"rendered":"Tag 5 &#8211; 11.02.2026"},"content":{"rendered":"\t\t<div data-elementor-type=\"wp-page\" data-elementor-id=\"2629\" class=\"elementor elementor-2629\">\n\t\t\t\t<div class=\"elementor-element elementor-element-e9491e7 e-flex e-con-boxed e-con e-parent\" data-id=\"e9491e7\" data-element_type=\"container\" data-e-type=\"container\">\n\t\t\t\t\t<div class=\"e-con-inner\">\n\t\t\t\t<div class=\"elementor-element elementor-element-74dcd15 elementor-widget elementor-widget-heading\" data-id=\"74dcd15\" data-element_type=\"widget\" data-e-type=\"widget\" data-widget_type=\"heading.default\">\n\t\t\t\t\t<h2 class=\"elementor-heading-title elementor-size-default\"><b>Tag 5 der INTERGASTRA - FokusHOTEL<\/b><\/h2>\t\t\t\t<\/div>\n\t\t\t\t\t<\/div>\n\t\t\t\t<\/div>\n\t\t<div class=\"elementor-element elementor-element-709b95c e-flex e-con-boxed e-con e-parent\" data-id=\"709b95c\" data-element_type=\"container\" data-e-type=\"container\">\n\t\t\t\t\t<div class=\"e-con-inner\">\n\t\t\t\t<div class=\"elementor-element elementor-element-e004e53 elementor-widget elementor-widget-text-editor\" data-id=\"e004e53\" data-element_type=\"widget\" data-e-type=\"widget\" data-widget_type=\"text-editor.default\">\n\t\t\t\t\t\t\t\t\t<p><em>Mittwoch, 11.02.2026<\/em><\/p><p>Der letzte Messetag der INTERGASTRA stand noch einmal ganz im Zeichen von strategischem Austausch und internationalen Perspektiven. Zwei Paneldiskussionen lieferten spannende Einblicke in aktuelle Entwicklungen der Branche \u2013 bevor es am Nachmittag f\u00fcr uns wieder zur\u00fcck nach Berlin ging.<\/p><p>Den Start in den letzten Messetag \u00fcbernahmen <a href=\"https:\/\/www.linkedin.com\/in\/paul-petzold-10bb13306\/?lipi=urn%3Ali%3Apage%3Ad_flagship3_profile_view_base_contact_details%3Bqqiipq%2B5SueVojmemsHdWA%3D%3D\">Paul Petzold<\/a> und <a href=\"https:\/\/www.linkedin.com\/in\/linus-k%C3%BChle-985bb5310\/?lipi=urn%3Ali%3Apage%3Ad_flagship3_profile_view_base_contact_details%3BppPof7PzQG26YhU1SmmpvA%3D%3D\">Linus K\u00fchle<\/a> im Morning Talk. Sie blickten noch einmal auf die vergangenen Tage zur\u00fcck und stimmten das Publikum auf die abschlie\u00dfenden Programmpunkte ein. Nach einer intensiven Messewoche wurde dabei deutlich, wie viele Themen \u2013 von Leadership \u00fcber Nachhaltigkeit bis hin zu wirtschaftlichen Herausforderungen \u2013 die Branche aktuell bewegen.<\/p><p><strong>Was ging auf der B\u00fchne ab?<\/strong><\/p><p><b>SWISS Hotel Dialog \u2013 Ein Blick auf die Schweizer Hotellerie<\/b><\/p><p>Im Rahmen des SWISS Hotel Dialogs von HOTEL INSIDE wurde ein genauer Blick auf den Schweizer Hotelmarkt geworfen.<\/p><p>Moderiert von <a href=\"https:\/\/www.linkedin.com\/in\/hans-r-amrein-34b792157\/?lipi=urn%3Ali%3Apage%3Ad_flagship3_profile_view_base_contact_details%3BzBegWgCgTbeqJKkE7P5uLQ%3D%3D\">Hans R. Amrein<\/a> diskutierten <a href=\"https:\/\/www.linkedin.com\/in\/andreas-meier-3802482b\/?lipi=urn%3Ali%3Apage%3Ad_flagship3_profile_view_base_contact_details%3Bb5xSmbYuTsCg3fq0Yf0wuA%3D%3D\">Andreas Meier<\/a>, <a href=\"https:\/\/www.linkedin.com\/in\/urs-grimm-143aba149\/?lipi=urn%3Ali%3Apage%3Ad_flagship3_profile_view_base_contact_details%3B2JjY83CERHidU5EGOpvpqQ%3D%3D\">Urs Grimm<\/a> und <a href=\"https:\/\/www.linkedin.com\/in\/lukas-fritschi\/?lipi=urn%3Ali%3Apage%3Ad_flagship3_profile_view_base_contact_details%3Bq%2FWv8wFyTWeLWIeBMOUJfg%3D%3D\">Lukas Fritschi<\/a> \u00fcber aktuelle Entwicklungen.<\/p><p>Einige zentrale Punkte aus der Diskussion:<\/p><ul><li>Die Kosten steigen weiter, w\u00e4hrend Nachfrage und Preisniveau stabil bleiben.<\/li><li>Die Anzahl der Hotels in der Schweiz ist in den letzten Jahren von etwa 4.500 auf rund 3.500 Betriebe gesunken.<\/li><li>Markenhotellerie gewinnt zunehmend an Bedeutung.<\/li><li>Viele Schweizer Hotels sind vergleichsweise klein strukturiert \u2013 im Schnitt mit etwa 34 Zimmern pro Betrieb.<\/li><li>Kooperationen und klare Positionierungen werden immer wichtiger<\/li><\/ul><p>Auch der Klimawandel wurde thematisiert \u2013 unter anderem mit Blick auf m\u00f6gliche Ver\u00e4nderungen zwischen Winter- und Sommertourismus.<\/p>\t\t\t\t\t\t\t\t<\/div>\n\t\t\t\t\t<\/div>\n\t\t\t\t<\/div>\n\t\t<div class=\"elementor-element elementor-element-e9115e7 e-flex e-con-boxed e-con e-parent\" data-id=\"e9115e7\" data-element_type=\"container\" data-e-type=\"container\">\n\t\t\t\t\t<div class=\"e-con-inner\">\n\t\t\t\t<div class=\"elementor-element elementor-element-d7cf352 elementor-widget elementor-widget-image-gallery\" data-id=\"d7cf352\" data-element_type=\"widget\" data-e-type=\"widget\" data-widget_type=\"image-gallery.default\">\n\t\t\t\t\t\t\t<div class=\"elementor-image-gallery\">\n\t\t\t<div id='gallery-1' class='gallery galleryid-2629 gallery-columns-4 gallery-size-thumbnail'><figure class='gallery-item'>\n\t\t\t<div class='gallery-icon landscape'>\n\t\t\t\t<a data-elementor-open-lightbox=\"yes\" data-elementor-lightbox-slideshow=\"d7cf352\" data-elementor-lightbox-title=\"IMG_3121\" data-e-action-hash=\"#elementor-action%3Aaction%3Dlightbox%26settings%3DeyJpZCI6MjY2NywidXJsIjoiaHR0cHM6XC9cL2Jsb2cuaHdyLWJlcmxpbi5kZVwvZnV0dXJldG91cmlzbVwvd3AtY29udGVudFwvdXBsb2Fkc19mdXR1cmVcLzIwMjZcLzAzXC9JTUdfMzEyMS1zY2FsZWQuanBlZyIsInNsaWRlc2hvdyI6ImQ3Y2YzNTIifQ%3D%3D\" href='https:\/\/blog.hwr-berlin.de\/futuretourism\/wp-content\/uploads_future\/2026\/03\/IMG_3121-scaled.jpeg'><img decoding=\"async\" width=\"150\" height=\"150\" src=\"https:\/\/blog.hwr-berlin.de\/futuretourism\/wp-content\/uploads_future\/2026\/03\/IMG_3121-150x150.jpeg\" class=\"attachment-thumbnail size-thumbnail\" alt=\"\" aria-describedby=\"gallery-1-2667\" srcset=\"https:\/\/blog.hwr-berlin.de\/futuretourism\/wp-content\/uploads_future\/2026\/03\/IMG_3121-150x150.jpeg 150w, https:\/\/blog.hwr-berlin.de\/futuretourism\/wp-content\/uploads_future\/2026\/03\/IMG_3121-100x100.jpeg 100w\" sizes=\"100vw\" \/><\/a>\n\t\t\t<\/div>\n\t\t\t\t<figcaption class='wp-caption-text gallery-caption' id='gallery-1-2667'>\n\t\t\t\tKlicke auf das Bild, um die Teilnehmer der Diskussion zu sehen. \n\t\t\t\t<\/figcaption><\/figure>\n\t\t<\/div>\n\t\t<\/div>\n\t\t\t\t\t\t<\/div>\n\t\t\t\t\t<\/div>\n\t\t\t\t<\/div>\n\t\t<div class=\"elementor-element elementor-element-124fa4e e-flex e-con-boxed e-con e-parent\" data-id=\"124fa4e\" data-element_type=\"container\" data-e-type=\"container\">\n\t\t\t\t\t<div class=\"e-con-inner\">\n\t\t\t\t<div class=\"elementor-element elementor-element-13a8b9d elementor-widget elementor-widget-text-editor\" data-id=\"13a8b9d\" data-element_type=\"widget\" data-e-type=\"widget\" data-widget_type=\"text-editor.default\">\n\t\t\t\t\t\t\t\t\t<p><strong>Zukunft des privat gef\u00fchrten Gastgewerbes in der DACH-Region<\/strong><\/p><p>Zum Abschluss des Programms lud erneut HOTEL INSIDE zu einer Paneldiskussion \u00fcber die Zukunft privat gef\u00fchrter Hotels im deutschsprachigen Raum ein.<\/p><p>Moderiert von <a href=\"https:\/\/www.linkedin.com\/in\/rolf-westermann-20333b75\/?lipi=urn%3Ali%3Apage%3Ad_flagship3_profile_view_base_contact_details%3BFXO8%2BAT%2BQQClt1uS7dU9HA%3D%3D\">Rolf Westermann<\/a> diskutierten <a href=\"https:\/\/www.linkedin.com\/in\/petra-weindl-0b957149\/?lipi=urn%3Ali%3Apage%3Ad_flagship3_profile_view_base_contact_details%3BPAbhTAngQsyD8J6wZhVbFg%3D%3D\">Petra Weindl<\/a>, <a href=\"https:\/\/www.linkedin.com\/in\/kholzapfel2025\/?lipi=urn%3Ali%3Apage%3Ad_flagship3_profile_view_base_contact_details%3B6EZnvTZQR96%2BRQwlt1MHNQ%3D%3D\">David K.<\/a>, <a href=\"https:\/\/www.linkedin.com\/in\/christian-buer-273b142\/?lipi=urn%3Ali%3Apage%3Ad_flagship3_profile_view_base_contact_details%3BpAryUFAoQnqZuIEIqC5l8Q%3D%3D\">Christian Buer<\/a>, <a href=\"https:\/\/www.linkedin.com\/in\/bernhard-patter-93755b19\/?lipi=urn%3Ali%3Apage%3Ad_flagship3_profile_view_base_contact_details%3BRFGkpSFhQCuIidzrv4pLsg%3D%3D\">Bernhard Patter<\/a> und <a href=\"https:\/\/www.linkedin.com\/in\/paul-petzold-10bb13306\/?lipi=urn%3Ali%3Apage%3Ad_flagship3_profile_view_base_contact_details%3B8dJFASpiSoOhqe%2BW%2BARPAw%3D%3D\">Paul Petzold<\/a> \u00fcber aktuelle Herausforderungen.<\/p><p>Ein Begriff zog sich dabei durch die gesamte Diskussion: Kosten.<\/p><p>Steigende Energiepreise, Personalkosten und Finanzierungskosten treffen gleichzeitig auf Investitionsbedarf in Digitalisierung, Nachhaltigkeit und Qualit\u00e4t. Hinzu kommen steigende Erwartungen der G\u00e4ste \u2013 der Komfortstandard von zu Hause wird zunehmend auch im Hotel erwartet.<\/p><p>Neben wirtschaftlichen Themen spielte auch F\u00fchrung und Nachwuchs eine zentrale Rolle:<\/p><ul><li>Teamstrukturen m\u00fcssen weiterentwickelt werden<\/li><li>Onboarding-Prozesse funktionieren h\u00e4ufig noch nicht optimal<\/li><li>F\u00fchrung muss st\u00e4rker auf die Erwartungen der Generation Z eingehen<\/li><li>Sinn, Perspektiven und Kommunikation auf Augenh\u00f6he gewinnen an Bedeutung<\/li><\/ul><p>Die Diskussion machte deutlich, dass die Branche vor wichtigen strategischen Entscheidungen steht.<\/p>\t\t\t\t\t\t\t\t<\/div>\n\t\t\t\t\t<\/div>\n\t\t\t\t<\/div>\n\t\t<div class=\"elementor-element elementor-element-8f8b0c2 e-flex e-con-boxed e-con e-parent\" data-id=\"8f8b0c2\" data-element_type=\"container\" data-e-type=\"container\">\n\t\t\t\t\t<div class=\"e-con-inner\">\n\t\t\t\t<div class=\"elementor-element elementor-element-27ca3a9 elementor-widget elementor-widget-image-gallery\" data-id=\"27ca3a9\" data-element_type=\"widget\" data-e-type=\"widget\" data-widget_type=\"image-gallery.default\">\n\t\t\t\t\t\t\t<div class=\"elementor-image-gallery\">\n\t\t\t<div id='gallery-2' class='gallery galleryid-2629 gallery-columns-4 gallery-size-thumbnail'><figure class='gallery-item'>\n\t\t\t<div class='gallery-icon landscape'>\n\t\t\t\t<a data-elementor-open-lightbox=\"yes\" data-elementor-lightbox-slideshow=\"27ca3a9\" data-elementor-lightbox-title=\"IMG_3133\" data-e-action-hash=\"#elementor-action%3Aaction%3Dlightbox%26settings%3DeyJpZCI6MjY2OCwidXJsIjoiaHR0cHM6XC9cL2Jsb2cuaHdyLWJlcmxpbi5kZVwvZnV0dXJldG91cmlzbVwvd3AtY29udGVudFwvdXBsb2Fkc19mdXR1cmVcLzIwMjZcLzAzXC9JTUdfMzEzMy1zY2FsZWQuanBlZyIsInNsaWRlc2hvdyI6IjI3Y2EzYTkifQ%3D%3D\" href='https:\/\/blog.hwr-berlin.de\/futuretourism\/wp-content\/uploads_future\/2026\/03\/IMG_3133-scaled.jpeg'><img decoding=\"async\" width=\"150\" height=\"150\" src=\"https:\/\/blog.hwr-berlin.de\/futuretourism\/wp-content\/uploads_future\/2026\/03\/IMG_3133-150x150.jpeg\" class=\"attachment-thumbnail size-thumbnail\" alt=\"\" aria-describedby=\"gallery-2-2668\" srcset=\"https:\/\/blog.hwr-berlin.de\/futuretourism\/wp-content\/uploads_future\/2026\/03\/IMG_3133-150x150.jpeg 150w, https:\/\/blog.hwr-berlin.de\/futuretourism\/wp-content\/uploads_future\/2026\/03\/IMG_3133-100x100.jpeg 100w\" sizes=\"100vw\" \/><\/a>\n\t\t\t<\/div>\n\t\t\t\t<figcaption class='wp-caption-text gallery-caption' id='gallery-2-2668'>\n\t\t\t\tKlicke auf das Bild, um die Teilnehmer der Podiumsdiskussion zu sehen.\n\t\t\t\t<\/figcaption><\/figure>\n\t\t<\/div>\n\t\t<\/div>\n\t\t\t\t\t\t<\/div>\n\t\t\t\t\t<\/div>\n\t\t\t\t<\/div>\n\t\t<div class=\"elementor-element elementor-element-920b336 e-flex e-con-boxed e-con e-parent\" data-id=\"920b336\" data-element_type=\"container\" data-e-type=\"container\">\n\t\t\t\t\t<div class=\"e-con-inner\">\n\t\t\t\t<div class=\"elementor-element elementor-element-9c5b0f7 elementor-widget elementor-widget-text-editor\" data-id=\"9c5b0f7\" data-element_type=\"widget\" data-e-type=\"widget\" data-widget_type=\"text-editor.default\">\n\t\t\t\t\t\t\t\t\t<p><strong>R\u00fcckreise<\/strong><\/p><p>Am Nachmittag hie\u00df es f\u00fcr uns: Koffer packen und zur\u00fcck nach Berlin. Nach f\u00fcnf intensiven Messetagen ging es mit vielen neuen Eindr\u00fccken, Gespr\u00e4chen und Ideen im Gep\u00e4ck wieder nach Hause.<\/p>\t\t\t\t\t\t\t\t<\/div>\n\t\t\t\t\t<\/div>\n\t\t\t\t<\/div>\n\t\t<div class=\"elementor-element elementor-element-1d9f81d e-flex e-con-boxed e-con e-parent\" data-id=\"1d9f81d\" data-element_type=\"container\" data-e-type=\"container\">\n\t\t\t\t\t<div class=\"e-con-inner\">\n\t\t\t\t<div class=\"elementor-element elementor-element-25195bc elementor-widget elementor-widget-text-editor\" data-id=\"25195bc\" data-element_type=\"widget\" data-e-type=\"widget\" data-widget_type=\"text-editor.default\">\n\t\t\t\t\t\t\t\t\t<pre><b>Danke f\u00fcr diese Erfahrung<br \/>Zum Abschluss bleibt vor allem eines: Dankbarkeit.<br \/><\/b>Danke an alle Speaker:innen, Organisator:innen und Gespr\u00e4chspartner:innen f\u00fcr die offenen Einblicke, \nspannenden Diskussionen und die M\u00f6glichkeit, Teil dieser Messe zu sein. \nF\u00fcr uns waren die Tage auf der INTERGASTRA eine wertvolle Erfahrung \u2013\n mit vielen Impulsen, die wir mit in unser Studium nehmen.<\/pre>\t\t\t\t\t\t\t\t<\/div>\n\t\t\t\t\t<\/div>\n\t\t\t\t<\/div>\n\t\t<div class=\"elementor-element elementor-element-7129909 e-flex e-con-boxed e-con e-parent\" data-id=\"7129909\" data-element_type=\"container\" data-e-type=\"container\">\n\t\t\t\t\t<div class=\"e-con-inner\">\n\t\t\t\t<div class=\"elementor-element elementor-element-f29728c elementor-widget elementor-widget-image-gallery\" data-id=\"f29728c\" data-element_type=\"widget\" data-e-type=\"widget\" data-widget_type=\"image-gallery.default\">\n\t\t\t\t\t\t\t<div class=\"elementor-image-gallery\">\n\t\t\t<div id='gallery-3' class='gallery galleryid-2629 gallery-columns-4 gallery-size-thumbnail'><figure class='gallery-item'>\n\t\t\t<div class='gallery-icon landscape'>\n\t\t\t\t<a data-elementor-open-lightbox=\"yes\" data-elementor-lightbox-slideshow=\"f29728c\" data-elementor-lightbox-title=\"IMG_3078\" data-e-action-hash=\"#elementor-action%3Aaction%3Dlightbox%26settings%3DeyJpZCI6MjY2OSwidXJsIjoiaHR0cHM6XC9cL2Jsb2cuaHdyLWJlcmxpbi5kZVwvZnV0dXJldG91cmlzbVwvd3AtY29udGVudFwvdXBsb2Fkc19mdXR1cmVcLzIwMjZcLzAzXC9JTUdfMzA3OC1zY2FsZWQuanBlZyIsInNsaWRlc2hvdyI6ImYyOTcyOGMifQ%3D%3D\" href='https:\/\/blog.hwr-berlin.de\/futuretourism\/wp-content\/uploads_future\/2026\/03\/IMG_3078-scaled.jpeg'><img decoding=\"async\" width=\"150\" height=\"150\" src=\"https:\/\/blog.hwr-berlin.de\/futuretourism\/wp-content\/uploads_future\/2026\/03\/IMG_3078-150x150.jpeg\" class=\"attachment-thumbnail size-thumbnail\" alt=\"\" aria-describedby=\"gallery-3-2669\" srcset=\"https:\/\/blog.hwr-berlin.de\/futuretourism\/wp-content\/uploads_future\/2026\/03\/IMG_3078-150x150.jpeg 150w, https:\/\/blog.hwr-berlin.de\/futuretourism\/wp-content\/uploads_future\/2026\/03\/IMG_3078-100x100.jpeg 100w\" sizes=\"100vw\" \/><\/a>\n\t\t\t<\/div>\n\t\t\t\t<figcaption class='wp-caption-text gallery-caption' id='gallery-3-2669'>\n\t\t\t\tKlicke auf das Bild, um das Intergastra Team zu sehen.\n\t\t\t\t<\/figcaption><\/figure>\n\t\t<\/div>\n\t\t<\/div>\n\t\t\t\t\t\t<\/div>\n\t\t\t\t\t<\/div>\n\t\t\t\t<\/div>\n\t\t<div class=\"elementor-element elementor-element-334a7ea e-flex e-con-boxed e-con e-parent\" data-id=\"334a7ea\" data-element_type=\"container\" data-e-type=\"container\">\n\t\t\t\t\t<div class=\"e-con-inner\">\n\t\t\t\t<div class=\"elementor-element elementor-element-bc27ed7 elementor-widget elementor-widget-text-editor\" data-id=\"bc27ed7\" data-element_type=\"widget\" data-e-type=\"widget\" data-widget_type=\"text-editor.default\">\n\t\t\t\t\t\t\t\t\t<p><em><span style=\"font-family: 'Aptos',sans-serif;\">Eure INTERGASTRA-Gruppe<\/span><\/em><\/p>\t\t\t\t\t\t\t\t<\/div>\n\t\t\t\t\t<\/div>\n\t\t\t\t<\/div>\n\t\t\t\t<\/div>\n\t\t","protected":false},"excerpt":{"rendered":"<p>Tag 5 der INTERGASTRA &#8211; FokusHOTEL Mittwoch, 11.02.2026 Der letzte Messetag der INTERGASTRA stand noch einmal ganz im Zeichen von strategischem Austausch und internationalen Perspektiven. Zwei Paneldiskussionen lieferten spannende Einblicke in aktuelle Entwicklungen der Branche \u2013 bevor es am Nachmittag f\u00fcr uns wieder zur\u00fcck nach Berlin ging. Den Start in den letzten Messetag \u00fcbernahmen Paul &hellip; <\/p>\n<p class=\"link-more\"><a href=\"https:\/\/blog.hwr-berlin.de\/futuretourism\/tag-5-11-02-2026\/\" class=\"more-link\"><span class=\"screen-reader-text\">\u201eTag 5 &#8211; 11.02.2026\u201c <\/span>weiterlesen<\/a><\/p>\n","protected":false},"author":9,"featured_media":0,"parent":0,"menu_order":0,"comment_status":"closed","ping_status":"closed","template":"","meta":{"footnotes":""},"class_list":["post-2629","page","type-page","status-publish","hentry"],"yoast_head":"<!-- This site is optimized with the Yoast SEO plugin v27.5 - https:\/\/yoast.com\/product\/yoast-seo-wordpress\/ -->\n<title>Tag 5 - 11.02.2026 - futuretourism<\/title>\n<meta name=\"robots\" content=\"index, follow, max-snippet:-1, max-image-preview:large, max-video-preview:-1\" \/>\n<link rel=\"canonical\" href=\"https:\/\/blog.hwr-berlin.de\/futuretourism\/tag-5-11-02-2026\/\" \/>\n<meta property=\"og:locale\" content=\"de_DE\" \/>\n<meta property=\"og:type\" content=\"article\" \/>\n<meta property=\"og:title\" content=\"Tag 5 - 11.02.2026 - futuretourism\" \/>\n<meta property=\"og:description\" content=\"Tag 5 der INTERGASTRA &#8211; FokusHOTEL Mittwoch, 11.02.2026 Der letzte Messetag der INTERGASTRA stand noch einmal ganz im Zeichen von strategischem Austausch und internationalen Perspektiven. Zwei Paneldiskussionen lieferten spannende Einblicke in aktuelle Entwicklungen der Branche \u2013 bevor es am Nachmittag f\u00fcr uns wieder zur\u00fcck nach Berlin ging. Den Start in den letzten Messetag \u00fcbernahmen Paul &hellip; \u201eTag 5 &#8211; 11.02.2026\u201c weiterlesen\" \/>\n<meta property=\"og:url\" content=\"https:\/\/blog.hwr-berlin.de\/futuretourism\/tag-5-11-02-2026\/\" \/>\n<meta property=\"og:site_name\" content=\"futuretourism\" \/>\n<meta property=\"article:modified_time\" content=\"2026-03-10T18:07:50+00:00\" \/>\n<meta property=\"og:image\" content=\"https:\/\/blog.hwr-berlin.de\/futuretourism\/wp-content\/uploads_future\/2026\/03\/IMG_3121-150x150.jpeg\" \/>\n<meta name=\"twitter:card\" content=\"summary_large_image\" \/>\n<meta name=\"twitter:label1\" content=\"Gesch\u00e4tzte Lesezeit\" \/>\n\t<meta name=\"twitter:data1\" content=\"4\u00a0Minuten\" \/>\n<script type=\"application\/ld+json\" class=\"yoast-schema-graph\">{\"@context\":\"https:\\\/\\\/schema.org\",\"@graph\":[{\"@type\":\"WebPage\",\"@id\":\"https:\\\/\\\/blog.hwr-berlin.de\\\/futuretourism\\\/tag-5-11-02-2026\\\/\",\"url\":\"https:\\\/\\\/blog.hwr-berlin.de\\\/futuretourism\\\/tag-5-11-02-2026\\\/\",\"name\":\"Tag 5 - 11.02.2026 - futuretourism\",\"isPartOf\":{\"@id\":\"https:\\\/\\\/blog.hwr-berlin.de\\\/futuretourism\\\/#website\"},\"primaryImageOfPage\":{\"@id\":\"https:\\\/\\\/blog.hwr-berlin.de\\\/futuretourism\\\/tag-5-11-02-2026\\\/#primaryimage\"},\"image\":{\"@id\":\"https:\\\/\\\/blog.hwr-berlin.de\\\/futuretourism\\\/tag-5-11-02-2026\\\/#primaryimage\"},\"thumbnailUrl\":\"https:\\\/\\\/blog.hwr-berlin.de\\\/futuretourism\\\/wp-content\\\/uploads_future\\\/2026\\\/03\\\/IMG_3121-150x150.jpeg\",\"datePublished\":\"2026-03-09T12:13:29+00:00\",\"dateModified\":\"2026-03-10T18:07:50+00:00\",\"breadcrumb\":{\"@id\":\"https:\\\/\\\/blog.hwr-berlin.de\\\/futuretourism\\\/tag-5-11-02-2026\\\/#breadcrumb\"},\"inLanguage\":\"de\",\"potentialAction\":[{\"@type\":\"ReadAction\",\"target\":[\"https:\\\/\\\/blog.hwr-berlin.de\\\/futuretourism\\\/tag-5-11-02-2026\\\/\"]}]},{\"@type\":\"ImageObject\",\"inLanguage\":\"de\",\"@id\":\"https:\\\/\\\/blog.hwr-berlin.de\\\/futuretourism\\\/tag-5-11-02-2026\\\/#primaryimage\",\"url\":\"https:\\\/\\\/blog.hwr-berlin.de\\\/futuretourism\\\/wp-content\\\/uploads_future\\\/2026\\\/03\\\/IMG_3121-150x150.jpeg\",\"contentUrl\":\"https:\\\/\\\/blog.hwr-berlin.de\\\/futuretourism\\\/wp-content\\\/uploads_future\\\/2026\\\/03\\\/IMG_3121-150x150.jpeg\"},{\"@type\":\"BreadcrumbList\",\"@id\":\"https:\\\/\\\/blog.hwr-berlin.de\\\/futuretourism\\\/tag-5-11-02-2026\\\/#breadcrumb\",\"itemListElement\":[{\"@type\":\"ListItem\",\"position\":1,\"name\":\"Startseite\",\"item\":\"https:\\\/\\\/blog.hwr-berlin.de\\\/futuretourism\\\/\"},{\"@type\":\"ListItem\",\"position\":2,\"name\":\"Tag 5 &#8211; 11.02.2026\"}]},{\"@type\":\"WebSite\",\"@id\":\"https:\\\/\\\/blog.hwr-berlin.de\\\/futuretourism\\\/#website\",\"url\":\"https:\\\/\\\/blog.hwr-berlin.de\\\/futuretourism\\\/\",\"name\":\"futuretourism\",\"description\":\"digital, nachhaltig, wandelbar\",\"publisher\":{\"@id\":\"https:\\\/\\\/blog.hwr-berlin.de\\\/futuretourism\\\/#organization\"},\"potentialAction\":[{\"@type\":\"SearchAction\",\"target\":{\"@type\":\"EntryPoint\",\"urlTemplate\":\"https:\\\/\\\/blog.hwr-berlin.de\\\/futuretourism\\\/?s={search_term_string}\"},\"query-input\":{\"@type\":\"PropertyValueSpecification\",\"valueRequired\":true,\"valueName\":\"search_term_string\"}}],\"inLanguage\":\"de\"},{\"@type\":\"Organization\",\"@id\":\"https:\\\/\\\/blog.hwr-berlin.de\\\/futuretourism\\\/#organization\",\"name\":\"futuretourism\",\"url\":\"https:\\\/\\\/blog.hwr-berlin.de\\\/futuretourism\\\/\",\"logo\":{\"@type\":\"ImageObject\",\"inLanguage\":\"de\",\"@id\":\"https:\\\/\\\/blog.hwr-berlin.de\\\/futuretourism\\\/#\\\/schema\\\/logo\\\/image\\\/\",\"url\":\"https:\\\/\\\/blog.hwr-berlin.de\\\/futuretourism\\\/wp-content\\\/uploads_future\\\/2026\\\/01\\\/cropped-STACKED-scaled-1.jpg\",\"contentUrl\":\"https:\\\/\\\/blog.hwr-berlin.de\\\/futuretourism\\\/wp-content\\\/uploads_future\\\/2026\\\/01\\\/cropped-STACKED-scaled-1.jpg\",\"width\":562,\"height\":250,\"caption\":\"futuretourism\"},\"image\":{\"@id\":\"https:\\\/\\\/blog.hwr-berlin.de\\\/futuretourism\\\/#\\\/schema\\\/logo\\\/image\\\/\"}}]}<\/script>\n<!-- \/ Yoast SEO plugin. -->","yoast_head_json":{"title":"Tag 5 - 11.02.2026 - futuretourism","robots":{"index":"index","follow":"follow","max-snippet":"max-snippet:-1","max-image-preview":"max-image-preview:large","max-video-preview":"max-video-preview:-1"},"canonical":"https:\/\/blog.hwr-berlin.de\/futuretourism\/tag-5-11-02-2026\/","og_locale":"de_DE","og_type":"article","og_title":"Tag 5 - 11.02.2026 - futuretourism","og_description":"Tag 5 der INTERGASTRA &#8211; FokusHOTEL Mittwoch, 11.02.2026 Der letzte Messetag der INTERGASTRA stand noch einmal ganz im Zeichen von strategischem Austausch und internationalen Perspektiven. Zwei Paneldiskussionen lieferten spannende Einblicke in aktuelle Entwicklungen der Branche \u2013 bevor es am Nachmittag f\u00fcr uns wieder zur\u00fcck nach Berlin ging. Den Start in den letzten Messetag \u00fcbernahmen Paul &hellip; \u201eTag 5 &#8211; 11.02.2026\u201c weiterlesen","og_url":"https:\/\/blog.hwr-berlin.de\/futuretourism\/tag-5-11-02-2026\/","og_site_name":"futuretourism","article_modified_time":"2026-03-10T18:07:50+00:00","og_image":[{"url":"https:\/\/blog.hwr-berlin.de\/futuretourism\/wp-content\/uploads_future\/2026\/03\/IMG_3121-150x150.jpeg","type":"","width":"","height":""}],"twitter_card":"summary_large_image","twitter_misc":{"Gesch\u00e4tzte Lesezeit":"4\u00a0Minuten"},"schema":{"@context":"https:\/\/schema.org","@graph":[{"@type":"WebPage","@id":"https:\/\/blog.hwr-berlin.de\/futuretourism\/tag-5-11-02-2026\/","url":"https:\/\/blog.hwr-berlin.de\/futuretourism\/tag-5-11-02-2026\/","name":"Tag 5 - 11.02.2026 - futuretourism","isPartOf":{"@id":"https:\/\/blog.hwr-berlin.de\/futuretourism\/#website"},"primaryImageOfPage":{"@id":"https:\/\/blog.hwr-berlin.de\/futuretourism\/tag-5-11-02-2026\/#primaryimage"},"image":{"@id":"https:\/\/blog.hwr-berlin.de\/futuretourism\/tag-5-11-02-2026\/#primaryimage"},"thumbnailUrl":"https:\/\/blog.hwr-berlin.de\/futuretourism\/wp-content\/uploads_future\/2026\/03\/IMG_3121-150x150.jpeg","datePublished":"2026-03-09T12:13:29+00:00","dateModified":"2026-03-10T18:07:50+00:00","breadcrumb":{"@id":"https:\/\/blog.hwr-berlin.de\/futuretourism\/tag-5-11-02-2026\/#breadcrumb"},"inLanguage":"de","potentialAction":[{"@type":"ReadAction","target":["https:\/\/blog.hwr-berlin.de\/futuretourism\/tag-5-11-02-2026\/"]}]},{"@type":"ImageObject","inLanguage":"de","@id":"https:\/\/blog.hwr-berlin.de\/futuretourism\/tag-5-11-02-2026\/#primaryimage","url":"https:\/\/blog.hwr-berlin.de\/futuretourism\/wp-content\/uploads_future\/2026\/03\/IMG_3121-150x150.jpeg","contentUrl":"https:\/\/blog.hwr-berlin.de\/futuretourism\/wp-content\/uploads_future\/2026\/03\/IMG_3121-150x150.jpeg"},{"@type":"BreadcrumbList","@id":"https:\/\/blog.hwr-berlin.de\/futuretourism\/tag-5-11-02-2026\/#breadcrumb","itemListElement":[{"@type":"ListItem","position":1,"name":"Startseite","item":"https:\/\/blog.hwr-berlin.de\/futuretourism\/"},{"@type":"ListItem","position":2,"name":"Tag 5 &#8211; 11.02.2026"}]},{"@type":"WebSite","@id":"https:\/\/blog.hwr-berlin.de\/futuretourism\/#website","url":"https:\/\/blog.hwr-berlin.de\/futuretourism\/","name":"futuretourism","description":"digital, nachhaltig, wandelbar","publisher":{"@id":"https:\/\/blog.hwr-berlin.de\/futuretourism\/#organization"},"potentialAction":[{"@type":"SearchAction","target":{"@type":"EntryPoint","urlTemplate":"https:\/\/blog.hwr-berlin.de\/futuretourism\/?s={search_term_string}"},"query-input":{"@type":"PropertyValueSpecification","valueRequired":true,"valueName":"search_term_string"}}],"inLanguage":"de"},{"@type":"Organization","@id":"https:\/\/blog.hwr-berlin.de\/futuretourism\/#organization","name":"futuretourism","url":"https:\/\/blog.hwr-berlin.de\/futuretourism\/","logo":{"@type":"ImageObject","inLanguage":"de","@id":"https:\/\/blog.hwr-berlin.de\/futuretourism\/#\/schema\/logo\/image\/","url":"https:\/\/blog.hwr-berlin.de\/futuretourism\/wp-content\/uploads_future\/2026\/01\/cropped-STACKED-scaled-1.jpg","contentUrl":"https:\/\/blog.hwr-berlin.de\/futuretourism\/wp-content\/uploads_future\/2026\/01\/cropped-STACKED-scaled-1.jpg","width":562,"height":250,"caption":"futuretourism"},"image":{"@id":"https:\/\/blog.hwr-berlin.de\/futuretourism\/#\/schema\/logo\/image\/"}}]}},"_links":{"self":[{"href":"https:\/\/blog.hwr-berlin.de\/futuretourism\/wp-json\/wp\/v2\/pages\/2629","targetHints":{"allow":["GET"]}}],"collection":[{"href":"https:\/\/blog.hwr-berlin.de\/futuretourism\/wp-json\/wp\/v2\/pages"}],"about":[{"href":"https:\/\/blog.hwr-berlin.de\/futuretourism\/wp-json\/wp\/v2\/types\/page"}],"author":[{"embeddable":true,"href":"https:\/\/blog.hwr-berlin.de\/futuretourism\/wp-json\/wp\/v2\/users\/9"}],"replies":[{"embeddable":true,"href":"https:\/\/blog.hwr-berlin.de\/futuretourism\/wp-json\/wp\/v2\/comments?post=2629"}],"version-history":[{"count":13,"href":"https:\/\/blog.hwr-berlin.de\/futuretourism\/wp-json\/wp\/v2\/pages\/2629\/revisions"}],"predecessor-version":[{"id":2707,"href":"https:\/\/blog.hwr-berlin.de\/futuretourism\/wp-json\/wp\/v2\/pages\/2629\/revisions\/2707"}],"wp:attachment":[{"href":"https:\/\/blog.hwr-berlin.de\/futuretourism\/wp-json\/wp\/v2\/media?parent=2629"}],"curies":[{"name":"wp","href":"https:\/\/api.w.org\/{rel}","templated":true}]}}