

{"id":40,"date":"2025-09-17T13:30:53","date_gmt":"2025-09-17T11:30:53","guid":{"rendered":"https:\/\/blog.hwr-berlin.de\/professorale-karriere\/?page_id=40"},"modified":"2026-04-15T12:37:46","modified_gmt":"2026-04-15T10:37:46","slug":"aktuelles-news","status":"publish","type":"page","link":"https:\/\/blog.hwr-berlin.de\/professorale-karriere\/zeitplan\/aktuelles-news\/","title":{"rendered":"Aktuelles"},"content":{"rendered":"\t\t<div data-elementor-type=\"wp-page\" data-elementor-id=\"40\" class=\"elementor elementor-40\">\n\t\t\t\t<div class=\"elementor-element elementor-element-8b2563b e-flex e-con-boxed e-con e-parent\" data-id=\"8b2563b\" data-element_type=\"container\" data-e-type=\"container\">\n\t\t\t\t\t<div class=\"e-con-inner\">\n\t\t\t\t<div class=\"elementor-element elementor-element-e086b0c elementor-widget elementor-widget-image\" data-id=\"e086b0c\" data-element_type=\"widget\" data-e-type=\"widget\" data-widget_type=\"image.default\">\n\t\t\t\t\t\t\t\t\t\t\t\t<figure class=\"wp-caption\">\n\t\t\t\t\t\t\t\t\t\t<img fetchpriority=\"high\" decoding=\"async\" width=\"800\" height=\"533\" src=\"https:\/\/blog.hwr-berlin.de\/professorale-karriere\/wp-content\/uploads_professorale-karriere\/2026\/03\/2023-05-24_BusinessTalkHWR_32-1.jpg\" class=\"attachment-full size-full wp-image-881\" alt=\"\" srcset=\"https:\/\/blog.hwr-berlin.de\/professorale-karriere\/wp-content\/uploads_professorale-karriere\/2026\/03\/2023-05-24_BusinessTalkHWR_32-1.jpg 800w, https:\/\/blog.hwr-berlin.de\/professorale-karriere\/wp-content\/uploads_professorale-karriere\/2026\/03\/2023-05-24_BusinessTalkHWR_32-1-300x200.jpg 300w, https:\/\/blog.hwr-berlin.de\/professorale-karriere\/wp-content\/uploads_professorale-karriere\/2026\/03\/2023-05-24_BusinessTalkHWR_32-1-768x512.jpg 768w\" sizes=\"100vw\" \/>\t\t\t\t\t\t\t\t\t\t\t<figcaption class=\"widget-image-caption wp-caption-text\">Foto: Florian Gruendig, Imagetown GmbH\n <\/figcaption>\n\t\t\t\t\t\t\t\t\t\t<\/figure>\n\t\t\t\t\t\t\t\t\t<\/div>\n\t\t\t\t<div class=\"elementor-element elementor-element-763efaa elementor-widget elementor-widget-spacer\" data-id=\"763efaa\" data-element_type=\"widget\" data-e-type=\"widget\" data-widget_type=\"spacer.default\">\n\t\t\t\t\t\t\t<div class=\"elementor-spacer\">\n\t\t\t<div class=\"elementor-spacer-inner\"><\/div>\n\t\t<\/div>\n\t\t\t\t\t\t<\/div>\n\t\t\t\t<div class=\"elementor-element elementor-element-2721fa4 elementor-widget elementor-widget-heading\" data-id=\"2721fa4\" data-element_type=\"widget\" data-e-type=\"widget\" data-widget_type=\"heading.default\">\n\t\t\t\t\t<h2 class=\"elementor-heading-title elementor-size-default\">Geplante Veranstaltungen<\/h2>\t\t\t\t<\/div>\n\t\t\t\t\t<\/div>\n\t\t\t\t<\/div>\n\t\t<div class=\"elementor-element elementor-element-b7e53eb e-flex e-con-boxed e-con e-parent\" data-id=\"b7e53eb\" data-element_type=\"container\" data-e-type=\"container\">\n\t\t\t\t\t<div class=\"e-con-inner\">\n\t\t\t\t<div class=\"elementor-element elementor-element-d54c4dd elementor-widget elementor-widget-text-editor\" data-id=\"d54c4dd\" data-element_type=\"widget\" data-e-type=\"widget\" data-widget_type=\"text-editor.default\">\n\t\t\t\t\t\t\t\t\t<p><span style=\"color: #000000;\"><strong>Infoveranstaltung: <\/strong><span style=\"text-decoration: underline;\"><a style=\"color: #000000;\" href=\"https:\/\/www.hwr-berlin.de\/aktuelles\/veranstaltung\/detail\/1153-lehrauftrag-an-der-hwr-berlin\" target=\"_blank\" rel=\"noopener\">Lehrauftrag an der HWR Berlin<\/a><\/span><\/span><\/p>\n<p><span style=\"color: #000000;\"><strong>Datum: 12. Mai 2026, online<\/strong><\/span><\/p><p><span style=\"color: #000000;\"><strong><br><\/strong><\/span><\/p>\n<p><span style=\"color: #000000;\">Erfahren Sie in dieser Online-Veranstaltung mehr zu den Voraussetzungen, Rahmenbedingungen und Eckdaten eines Lehrauftrags an der HWR Berlin.<\/span><\/p>\n<p><span style=\"color: #000000;\"><strong>Ein Lehrauftrag an der HWR Berlin er\u00f6ffnet Ihnen vielf\u00e4ltige Chancen: <\/strong>als erfahrene Fach- und F\u00fchrungskraft geben Sie Praxiswissen an Studierende weiter, zeigen Karrierem\u00f6glichkeiten auf und heben den Bekanntheitsgrad Ihres Unternehmens oder Ihrer Organisation bei der kommenden Generation. Dar\u00fcber hinaus werden Sie Teil eines starken fachlichen Netzwerkes.<\/span><\/p>\n<p><span style=\"color: #000000;\">Sollten Sie eine Professur anstreben, sammeln Sie auf diesem Wege die erforderlichen Lehrerfahrung f\u00fcr einen Ruf an eine HAW.<\/span><\/p>\t\t\t\t\t\t\t\t<\/div>\n\t\t\t\t<div class=\"elementor-element elementor-element-e86e9ff elementor-widget elementor-widget-spacer\" data-id=\"e86e9ff\" data-element_type=\"widget\" data-e-type=\"widget\" data-widget_type=\"spacer.default\">\n\t\t\t\t\t\t\t<div class=\"elementor-spacer\">\n\t\t\t<div class=\"elementor-spacer-inner\"><\/div>\n\t\t<\/div>\n\t\t\t\t\t\t<\/div>\n\t\t\t\t<div class=\"elementor-element elementor-element-bef9311 elementor-widget elementor-widget-text-editor\" data-id=\"bef9311\" data-element_type=\"widget\" data-e-type=\"widget\" data-widget_type=\"text-editor.default\">\n\t\t\t\t\t\t\t\t\t<p><span style=\"color: #000000;\"><strong>International Doctoral Summer School <\/strong><span style=\"text-decoration: underline;\"><a style=\"color: #000000; text-decoration: underline;\" href=\"https:\/\/www.hwr-berlin.de\/international-doctoral-summer-school\" target=\"_blank\" rel=\"noopener\"><strong><em>\u201cMind the Gap \u2013 Find the Gap \u2013 Bridge the Gap\u201d<\/em><\/strong><\/a><\/span><\/span><\/p><p><span style=\"color: #000000;\"><strong>Datum: 7. bis 11. September 2026, HWR Campus Sch\u00f6neberg<\/strong><\/span><\/p><p>\u00a0<\/p><p><span style=\"color: #000000;\">The second International Doctoral Summer School at HWR Berlin follows the guiding principle <em>\u201cApplication-oriented and practice-related research: Mind the Gap &#8211; Find the Gap &#8211; Bridge the Gap\u201d<\/em>. It invites PhD students to reflect on and discuss a variety of questions about suitable theories and methods for reducing the theory-practice gap from an interdisciplinary perspective. It offers space to put the insights gained into practice immediately, in supervised writing periods or through methodological and scientific communication exercises.<\/span><\/p>\t\t\t\t\t\t\t\t<\/div>\n\t\t\t\t<div class=\"elementor-element elementor-element-b4951f7 elementor-widget elementor-widget-spacer\" data-id=\"b4951f7\" data-element_type=\"widget\" data-e-type=\"widget\" data-widget_type=\"spacer.default\">\n\t\t\t\t\t\t\t<div class=\"elementor-spacer\">\n\t\t\t<div class=\"elementor-spacer-inner\"><\/div>\n\t\t<\/div>\n\t\t\t\t\t\t<\/div>\n\t\t\t\t<div class=\"elementor-element elementor-element-9f14143 elementor-widget elementor-widget-text-editor\" data-id=\"9f14143\" data-element_type=\"widget\" data-e-type=\"widget\" data-widget_type=\"text-editor.default\">\n\t\t\t\t\t\t\t\t\t<p><span style=\"color: #000000;\"><strong>Veranstaltung: UAS7-Roadshow<\/strong><\/span><\/p><p><span style=\"color: #000000;\"><strong>Datum: 11. September 2026, Aula HWR Berlin, Campus Sch\u00f6neberg<\/strong><\/span><\/p><p>\u00a0<\/p><p><span style=\"color: #000000;\">Seit 2017 gastiert die UAS7-Roadshow in regelm\u00e4\u00dfigen Abst\u00e4nden an allen sieben Hochschulen des <a style=\"color: #000000;\" href=\"https:\/\/www.uas7.org\/de\" target=\"_blank\" rel=\"noopener\"><span style=\"text-decoration: underline;\">UAS7 Verbunds<\/span><\/a>. Bei diesen Veranstaltungen wird \u00fcber T\u00e4tigkeiten und Aufgabenfelder von Professor*innen an den UAS7 Hochschulen, \u00fcber die Voraussetzungen und den Weg zur Professur als auch die Vorteile einer Professur an einer Hochschule f\u00fcr Angewandte Wissenschaften (HAW) informiert.<\/span><\/p><p><span style=\"color: #000000;\">\u00a0<\/span><\/p>\t\t\t\t\t\t\t\t<\/div>\n\t\t\t\t\t<\/div>\n\t\t\t\t<\/div>\n\t\t<div class=\"elementor-element elementor-element-73b4444 e-flex e-con-boxed e-con e-parent\" data-id=\"73b4444\" data-element_type=\"container\" data-e-type=\"container\">\n\t\t\t\t\t<div class=\"e-con-inner\">\n\t\t\t\t<div class=\"elementor-element elementor-element-6cab936 elementor-widget elementor-widget-spacer\" data-id=\"6cab936\" data-element_type=\"widget\" data-e-type=\"widget\" data-widget_type=\"spacer.default\">\n\t\t\t\t\t\t\t<div class=\"elementor-spacer\">\n\t\t\t<div class=\"elementor-spacer-inner\"><\/div>\n\t\t<\/div>\n\t\t\t\t\t\t<\/div>\n\t\t\t\t<div class=\"elementor-element elementor-element-1da7d48 elementor-widget elementor-widget-heading\" data-id=\"1da7d48\" data-element_type=\"widget\" data-e-type=\"widget\" data-widget_type=\"heading.default\">\n\t\t\t\t\t<h2 class=\"elementor-heading-title elementor-size-default\">Vergangene Veranstaltungen<\/h2>\t\t\t\t<\/div>\n\t\t\t\t\t<\/div>\n\t\t\t\t<\/div>\n\t\t<div class=\"elementor-element elementor-element-4109c91 e-flex e-con-boxed e-con e-parent\" data-id=\"4109c91\" data-element_type=\"container\" data-e-type=\"container\">\n\t\t\t\t\t<div class=\"e-con-inner\">\n\t\t\t\t<div class=\"elementor-element elementor-element-315ab08 elementor-widget elementor-widget-text-editor\" data-id=\"315ab08\" data-element_type=\"widget\" data-e-type=\"widget\" data-widget_type=\"text-editor.default\">\n\t\t\t\t\t\t\t\t\t<p><span style=\"color: #000000;\"><strong>Veranstaltung: <\/strong><strong>Innovative interdisziplin\u00e4re Projekte pr\u00e4sentieren ihre Ergebnisse, 22.01. &amp; 29.01.2026<\/strong><\/span><\/p><p><span style=\"color: #000000;\"><strong><br><\/strong><\/span><\/p>\n<p><span style=\"color: #000000;\">Interdisziplin\u00e4r arbeiten und forschen, die multidisziplin\u00e4re Ausrichtung als Profilelement der Hochschule st\u00e4rken und sich dabei innerhalb der Professor*innenschaft weiter vernetzen \u2013 dies unterst\u00fctzte das Projekt \u00fcber vier Jahre hinweg durch die <span style=\"text-decoration: underline;\"><a style=\"color: #000000; text-decoration: underline;\" href=\"https:\/\/blog.hwr-berlin.de\/professorale-karriere\/forderung-innovativer-interdisziplinarer-projekte\/\" target=\"_blank\" rel=\"noopener\">F\u00f6rderung innovativer, interdisziplin\u00e4rer<\/a> <\/span>Projekte. Am 22. Januar und 29. Januar 2026 stellten die fachbereichs\u00fcbergreifenden Projekte der vierten und letzten F\u00f6rderrunde ihre Ergebnisse im Rahmen einer Onlineveranstaltung vor. Von Multi-Stakeholder-Ans\u00e4tzen zur Erh\u00f6hung der Sicherheit bei Fu\u00dfballspielen \u00fcber experimentelle Designs zur Entwicklung von Policy-Empfehlungen zur Steuerung von Inflationserwartungen bis hin zur anwendungsorientierten Analyse von M\u00f6glichkeiten der KI-Nutzung im Forschungsprozess boten sich den Teilnehmenden spannende Einsichten aus allen Forschungsbereichen der HWR Berlin.<\/span><\/p>\t\t\t\t\t\t\t\t<\/div>\n\t\t\t\t<div class=\"elementor-element elementor-element-3616600 elementor-widget elementor-widget-spacer\" data-id=\"3616600\" data-element_type=\"widget\" data-e-type=\"widget\" data-widget_type=\"spacer.default\">\n\t\t\t\t\t\t\t<div class=\"elementor-spacer\">\n\t\t\t<div class=\"elementor-spacer-inner\"><\/div>\n\t\t<\/div>\n\t\t\t\t\t\t<\/div>\n\t\t\t\t<div class=\"elementor-element elementor-element-8de7e96 elementor-widget elementor-widget-text-editor\" data-id=\"8de7e96\" data-element_type=\"widget\" data-e-type=\"widget\" data-widget_type=\"text-editor.default\">\n\t\t\t\t\t\t\t\t\t<p><span style=\"color: #000000;\"><strong>Infoveranstaltung Lehrauftrag, 04.11.2025<\/strong><\/span><\/p><p><span style=\"color: #000000;\"><strong><br><\/strong><\/span><\/p>\n<p><span style=\"color: #000000;\">Am 04.11.2025 lud das Projektteam interessierte Praktiker*innen aus dem \u00f6ffentlichen Dienst, der Privatwirtschaft und dem Non-Profit-Sektor zur Informationsveranstaltung \u201cLehrauftrag an der HWR Berlin\u201c ein. 74 Teilnehmende folgten der Einladung und erfuhren die grundlegenden Details zu den M\u00f6glichkeiten, Voraussetzungen und Rahmenbedingungen der \u00dcbernahme eines Lehrauftrags an der HWR Berlin. Beworben wurde die Veranstaltung auf Grundlage eines vom Projektteam erstellten Netzwerk-Pools. Dieser wurde zur Erh\u00f6hung der Reichweite bei gleichzeitig st\u00e4rker zielgerichteter Verbreitung von Stellenausschreibungen sowie Ma\u00dfnahmen zur Bewerbung des Karrierewegs HAW Professur und zur Lehrbeauftragten-Akquise konzipiert.<\/span><\/p>\t\t\t\t\t\t\t\t<\/div>\n\t\t\t\t<div class=\"elementor-element elementor-element-d122c7c elementor-widget elementor-widget-spacer\" data-id=\"d122c7c\" data-element_type=\"widget\" data-e-type=\"widget\" data-widget_type=\"spacer.default\">\n\t\t\t\t\t\t\t<div class=\"elementor-spacer\">\n\t\t\t<div class=\"elementor-spacer-inner\"><\/div>\n\t\t<\/div>\n\t\t\t\t\t\t<\/div>\n\t\t\t\t<div class=\"elementor-element elementor-element-41179e3 elementor-widget elementor-widget-text-editor\" data-id=\"41179e3\" data-element_type=\"widget\" data-e-type=\"widget\" data-widget_type=\"text-editor.default\">\n\t\t\t\t\t\t\t\t\t<p><span style=\"color: #000000;\"><strong>Workshop Unconscious Bias in Berufungsverfahren, 31.03.2025<\/strong><\/span><\/p><p><span style=\"color: #000000;\"><strong><br><\/strong><\/span><\/p>\n<p><span style=\"color: #000000;\">\u201eDie besten K\u00f6pfe\u201c zu gewinnen ist nicht immer einfach und reproduziert \u2013 oft trotz bester Intentionen \u2013 gesellschaftliche Ausschlussmechanismen. Um Berufungsverfahren professionell und chancengerechter zu gestalten, wird nicht nur rechtliches und prozessuales Grundwissen ben\u00f6tigt, sondern auch ein reflektierter und sensibilisierter Umgang mit verschiedenen, im Hochschulkontext typischen Stereotypen und Vorurteilen. An dieser Stelle setzte der Workshop <span style=\"text-decoration: underline;\"><a href=\"https:\/\/www.hwr-berlin.de\/aktuelles\/veranstaltung\/detail\/1245-unconscious-bias-in-berufungsverfahren\" target=\"_blank\" rel=\"noopener\">\u201eUnconscious Bias in Berufungsverfahren\u201c<\/a><\/span> an, der sich an derzeitige wie k\u00fcnftige Mitglieder in Berufungskommissionen richtete. Neben kritischen Verfahrensschritten standen unconscious biases wie Gender und Racial Biases, ihre Definition und Vielfalt, ihre Auswirkungen auf Personalauswahlverfahren sowie der Umgang mit ihnen im Mittelpunkt.<\/span><\/p>\t\t\t\t\t\t\t\t<\/div>\n\t\t\t\t<div class=\"elementor-element elementor-element-9442f0c elementor-widget elementor-widget-spacer\" data-id=\"9442f0c\" data-element_type=\"widget\" data-e-type=\"widget\" data-widget_type=\"spacer.default\">\n\t\t\t\t\t\t\t<div class=\"elementor-spacer\">\n\t\t\t<div class=\"elementor-spacer-inner\"><\/div>\n\t\t<\/div>\n\t\t\t\t\t\t<\/div>\n\t\t\t\t<div class=\"elementor-element elementor-element-67528c1 elementor-widget elementor-widget-text-editor\" data-id=\"67528c1\" data-element_type=\"widget\" data-e-type=\"widget\" data-widget_type=\"text-editor.default\">\n\t\t\t\t\t\t\t\t\t<p><strong><span style=\"color: #000000;\">Medientraining, 24.09.2024<\/span><\/strong><\/p><p><strong><span style=\"color: #000000;\"><br><\/span><\/strong><\/p>\n<p><span style=\"color: #000000;\">Sich professionell, authentisch und pr\u00e4gnant in diversen Medienformaten pr\u00e4sentieren k\u00f6nnen \u2013 diese F\u00e4higkeit wird auch f\u00fcr Professor*innen immer wichtiger, um Forschungs- und Transferleistungen zielgruppengerecht und verst\u00e4ndlich kommunizieren zu k\u00f6nnen. Daher hat das Projektteam ein entsprechendes Medientraining konzipiert. Am 24.09.2024 wurden Teilnehmende auf Grundlage dieses Konzepts durch einen Spezialisten der Agentur f\u00fcr Wissenschaftskommunikation scienceRELATIONS geschult. Der Ausbau dieser Kompetenzen tr\u00e4gt zur Professionalisierung der Au\u00dfendarstellung der HWR Berlin bei.<\/span><\/p>\t\t\t\t\t\t\t\t<\/div>\n\t\t\t\t<div class=\"elementor-element elementor-element-a6105a7 elementor-widget elementor-widget-spacer\" data-id=\"a6105a7\" data-element_type=\"widget\" data-e-type=\"widget\" data-widget_type=\"spacer.default\">\n\t\t\t\t\t\t\t<div class=\"elementor-spacer\">\n\t\t\t<div class=\"elementor-spacer-inner\"><\/div>\n\t\t<\/div>\n\t\t\t\t\t\t<\/div>\n\t\t\t\t<div class=\"elementor-element elementor-element-1af8e67 elementor-widget elementor-widget-text-editor\" data-id=\"1af8e67\" data-element_type=\"widget\" data-e-type=\"widget\" data-widget_type=\"text-editor.default\">\n\t\t\t\t\t\t\t\t\t<p><span style=\"color: #000000;\"><strong>1.International Doctoral Summer School, 09.09.-13.09.2024<\/strong><\/span><\/p><p><span style=\"color: #000000;\"><strong><br><\/strong><\/span><\/p>\n<p><span style=\"color: #000000;\">Vom 09.-13.09.2024 fand erstmals die gemeinsam mit dem Zentralreferat Forschungsf\u00f6rderung konzipierte und organisierte International Doctoral Summer School an der HWR Berlin statt. 23 Promovierende tauschten sich eine Woche lang zu methodischen und praxisorientierten Aspekten ihrer anwendungsorientierten Forschung aus, wobei sie hilfreiche Inputs der Dozierenden erhielten. Die Teilnehmenden wussten neben der fachlichen Auseinandersetzung mit den eigenen Dissertationsvorhaben auch die M\u00f6glichkeit zur Netzwerkbildung zu nutzen und konnten somit auf vielf\u00e4ltige Weise von ihrer Teilnahme an der Summer School profitieren.<\/span><\/p>\t\t\t\t\t\t\t\t<\/div>\n\t\t\t\t<div class=\"elementor-element elementor-element-a657db4 elementor-widget elementor-widget-spacer\" data-id=\"a657db4\" data-element_type=\"widget\" data-e-type=\"widget\" data-widget_type=\"spacer.default\">\n\t\t\t\t\t\t\t<div class=\"elementor-spacer\">\n\t\t\t<div class=\"elementor-spacer-inner\"><\/div>\n\t\t<\/div>\n\t\t\t\t\t\t<\/div>\n\t\t\t\t<div class=\"elementor-element elementor-element-9c18279 elementor-widget elementor-widget-text-editor\" data-id=\"9c18279\" data-element_type=\"widget\" data-e-type=\"widget\" data-widget_type=\"text-editor.default\">\n\t\t\t\t\t\t\t\t\t<p><strong><span style=\"color: #000000;\">Infoveranstaltung Lehrauftrag, 14.05.2024<\/span> <\/strong><\/p><p><strong><span style=\"color: #000000;\">\u00a0<\/span><\/strong><\/p><p><span style=\"color: #000000;\">Am 14.05.2024 fand erstmalig die vom Projektteam entwickelte Online-Infoveranstaltung \u201eLehrauftrag an der HWR Berlin\u201c statt. Sie richtete sich an Praktiker*innen aus dem \u00f6ffentlichen Dienst, der Privatwirtschaft und dem Non-Profit-Sektor und informierte \u00fcber die M\u00f6glichkeiten, Voraussetzungen und Rahmenbedingungen der \u00dcbernahme eines Lehrauftrags an der HWR Berlin. Die Veranstaltung wurde \u00fcber Berlin Partner und \u00fcber die vielf\u00e4ltigen Netzwerke der Hochschule, Fachbereiche und Professor*innen beworben, 50 Personen nahmen teil.<\/span><\/p>\t\t\t\t\t\t\t\t<\/div>\n\t\t\t\t<div class=\"elementor-element elementor-element-5a4dd04 elementor-widget elementor-widget-spacer\" data-id=\"5a4dd04\" data-element_type=\"widget\" data-e-type=\"widget\" data-widget_type=\"spacer.default\">\n\t\t\t\t\t\t\t<div class=\"elementor-spacer\">\n\t\t\t<div class=\"elementor-spacer-inner\"><\/div>\n\t\t<\/div>\n\t\t\t\t\t\t<\/div>\n\t\t\t\t<div class=\"elementor-element elementor-element-2ec7bd4 elementor-widget elementor-widget-text-editor\" data-id=\"2ec7bd4\" data-element_type=\"widget\" data-e-type=\"widget\" data-widget_type=\"text-editor.default\">\n\t\t\t\t\t\t\t\t\t<p><span style=\"color: #000000;\"><strong>UAS7-Roadshow, 17.11.2023<\/strong><\/span><\/p><p><span style=\"color: #000000;\"><strong><br><\/strong><\/span><\/p>\n<p><span style=\"color: #000000;\">Im Rahmen einer vom Projektteam organisierten Roadshow informierte die HWR Berlin am 17.11.2023 gemeinsam mit dem Hochschulverbund UAS7 zum Karriereweg HAW-Professur. Im Format der Roadshow, welche im Turnus an den beteiligten UAS7 Hochschulen stattfindet, stehen die Berufungsvoraussetzungen und Rahmenbedingungen einer HAW-Professur im Fokus und HAW-Professor*innen geben pers\u00f6nliche Einblicke in ihren Werdegang. Zudem stellen sich die HAW des Hochschulverbunds UAS7 vor und beraten individuell und pers\u00f6nlich zur Karriereplanung. Ca. 80 Teilnehmende nutzten interaktive Podiumsdiskussionen und den \u201eMarktplatz der M\u00f6glichkeiten\u201c mit St\u00e4nden der UAS7-Partnerhochschulen, der Fachbereiche, des Berufungsteams, der Frauen- und Gleichstellungsbeauftragten sowie der Promotionsf\u00f6rderung der HWR Berlin, um mehr \u00fcber den Karriereweg HAW-Professur zu erfahren (f\u00fcr n\u00e4here Infos finden sich Kurzberichte auf der <span style=\"text-decoration: underline;\"><a style=\"color: #000000; text-decoration: underline;\" href=\"https:\/\/www.hwr-berlin.de\/aktuelles\/neuigkeit\/detail\/3828-uas7-roadshow-mein-weg-zur-professur-an-einer-haw\">Newsseite der HWR Berlin<\/a><\/span> und dem <span style=\"text-decoration: underline;\"><a style=\"color: #000000; text-decoration: underline;\" href=\"https:\/\/www.uas7.org\/de\/blog\/mein-weg-zur-professur-einer-haw-grosses-interesse-im-rahmen-der-uas7roadshow-der?term=&amp;context=blog_de&amp;position=0\" target=\"_blank\" rel=\"noopener\">UAS7-Blog<\/a>)<\/span>.<\/span><\/p>\t\t\t\t\t\t\t\t<\/div>\n\t\t\t\t<div class=\"elementor-element elementor-element-32526c8 elementor-widget elementor-widget-spacer\" data-id=\"32526c8\" data-element_type=\"widget\" data-e-type=\"widget\" data-widget_type=\"spacer.default\">\n\t\t\t\t\t\t\t<div class=\"elementor-spacer\">\n\t\t\t<div class=\"elementor-spacer-inner\"><\/div>\n\t\t<\/div>\n\t\t\t\t\t\t<\/div>\n\t\t\t\t\t<\/div>\n\t\t\t\t<\/div>\n\t\t<div class=\"elementor-element elementor-element-ebdc227 e-flex e-con-boxed e-con e-parent\" data-id=\"ebdc227\" data-element_type=\"container\" data-e-type=\"container\">\n\t\t\t\t\t<div class=\"e-con-inner\">\n\t\t\t\t<div class=\"elementor-element elementor-element-7eb684b elementor-widget elementor-widget-text-editor\" data-id=\"7eb684b\" data-element_type=\"widget\" data-e-type=\"widget\" data-widget_type=\"text-editor.default\">\n\t\t\t\t\t\t\t\t\t<p><span style=\"color: #000000;\"><strong>Innovative interdisziplin\u00e4re Projekte pr\u00e4sentieren ihre Ergebnisse, 24.05.2023<\/strong><\/span><\/p><p><span style=\"color: #000000;\"><strong><br><\/strong><\/span><\/p>\n<p><span style=\"color: #000000;\">Interdisziplin\u00e4re Vielfalt wird an der HWR Berlin in Form verschiedenster innovativer Forschungs-, Lehr- und Transferprojekte gelebt. Hiervon konnten sich Interessierte im Rahmen einer Hybridveranstaltung am 24.05.2023 \u00fcberzeugen, in der seit Sommer 2022 \u00fcber das Projekt gef\u00f6rderte interdisziplin\u00e4re Vorhaben die Ergebnisse ihrer Arbeit vorgestellt haben. Die Veranstaltung unterstrich die Bedeutung der interdisziplin\u00e4ren Zusammenarbeit f\u00fcr die kollegiale Vernetzung und f\u00fcr die Profilbildung der Hochschule.<\/span><\/p>\t\t\t\t\t\t\t\t<\/div>\n\t\t\t\t<div class=\"elementor-element elementor-element-8b68567 elementor-widget elementor-widget-spacer\" data-id=\"8b68567\" data-element_type=\"widget\" data-e-type=\"widget\" data-widget_type=\"spacer.default\">\n\t\t\t\t\t\t\t<div class=\"elementor-spacer\">\n\t\t\t<div class=\"elementor-spacer-inner\"><\/div>\n\t\t<\/div>\n\t\t\t\t\t\t<\/div>\n\t\t\t\t<div class=\"elementor-element elementor-element-be2265d elementor-widget elementor-widget-text-editor\" data-id=\"be2265d\" data-element_type=\"widget\" data-e-type=\"widget\" data-widget_type=\"text-editor.default\">\n\t\t\t\t\t\t\t\t\t<p><span style=\"color: #000000;\"><strong>Business Talks<\/strong><\/span><\/p><p><span style=\"color: #000000;\"><strong>\u00a0<\/strong><\/span><\/p><p><span style=\"color: #000000;\">Mit Unterst\u00fctzung des Projektteams wurde im Sommersemester 2023 die Veranstaltungsreihe \u201eBusiness Talks@HWR Berlin\u201c des Fachbereich 1 \u201eWirtschaftswissenschaften\u201c gestartet. Rainer M. Jacobus, Vorstandsvorsitzender der IDEAL Versicherungsgruppe, referierte am 24.05. vor ca. 120 Teilnehmenden \u2013 Studierenden und Lehrenden \u2013 in der Aula am Campus Sch\u00f6neberg zum Thema \u201e10 unbequeme Wahrheiten \u00fcber die demographische Entwicklung in Deutschland\u201c. Die Veranstaltungsreihe schafft eine lebendige Verbindung zwischen Forschung, Lehre und Praxis. Sie bietet Studierenden, Lehrenden und Interessierten die Gelegenheit, aktuelle Themen aus der Wirtschaft aus erster Hand zu erleben und zu diskutieren.<\/span><\/p><p><span style=\"color: #000000;\">\u00a0<\/span><\/p><p><span style=\"color: #000000;\"><u>Folgende Business Talks fanden bislang statt:<\/u><\/span><\/p><ol><li><span style=\"color: #000000;\">24.05.2023: Rainer Jacobus von der Ideal Versicherungsgruppe<\/span><\/li><li><span style=\"color: #000000;\">08.11.2023: Carsten Jung von der Berliner Volksbank eG<\/span><\/li><li><span style=\"color: #000000;\">01.07.2024: Heike Prinz von der Bayer AG<\/span><\/li><li><span style=\"color: #000000;\">13.11.2024: Cornelia Folz von Coca-Cola Europacific Partners<\/span><\/li><li><span style=\"color: #000000;\">16.12.2025: Myriam Sztayn von der Berlin Partner f\u00fcr Wirtschaft und Technologie GmbH<\/span><\/li><\/ol>\t\t\t\t\t\t\t\t<\/div>\n\t\t\t\t<div class=\"elementor-element elementor-element-f9e9f05 elementor-widget elementor-widget-spacer\" data-id=\"f9e9f05\" data-element_type=\"widget\" data-e-type=\"widget\" data-widget_type=\"spacer.default\">\n\t\t\t\t\t\t\t<div class=\"elementor-spacer\">\n\t\t\t<div class=\"elementor-spacer-inner\"><\/div>\n\t\t<\/div>\n\t\t\t\t\t\t<\/div>\n\t\t\t\t<div class=\"elementor-element elementor-element-f44752a elementor-widget elementor-widget-spacer\" data-id=\"f44752a\" data-element_type=\"widget\" data-e-type=\"widget\" data-widget_type=\"spacer.default\">\n\t\t\t\t\t\t\t<div class=\"elementor-spacer\">\n\t\t\t<div class=\"elementor-spacer-inner\"><\/div>\n\t\t<\/div>\n\t\t\t\t\t\t<\/div>\n\t\t\t\t\t<\/div>\n\t\t\t\t<\/div>\n\t\t<div class=\"elementor-element elementor-element-0c2dc90 e-flex e-con-boxed e-con e-parent\" data-id=\"0c2dc90\" data-element_type=\"container\" data-e-type=\"container\">\n\t\t\t\t\t<div class=\"e-con-inner\">\n\t\t\t\t\t<\/div>\n\t\t\t\t<\/div>\n\t\t<div class=\"elementor-element elementor-element-9b953f1 e-flex e-con-boxed e-con e-parent\" data-id=\"9b953f1\" data-element_type=\"container\" data-e-type=\"container\">\n\t\t\t\t\t<div class=\"e-con-inner\">\n\t\t\t\t\t<\/div>\n\t\t\t\t<\/div>\n\t\t\t\t<\/div>\n\t\t","protected":false},"excerpt":{"rendered":"<p>Foto: Florian Gruendig, Imagetown GmbH Geplante Veranstaltungen Infoveranstaltung: Lehrauftrag an der HWR Berlin Datum: 12. Mai 2026, online Erfahren Sie in dieser Online-Veranstaltung mehr zu den Voraussetzungen, Rahmenbedingungen und Eckdaten eines Lehrauftrags an der HWR Berlin. Ein Lehrauftrag an der HWR Berlin er\u00f6ffnet Ihnen vielf\u00e4ltige Chancen: als erfahrene Fach- und F\u00fchrungskraft geben Sie Praxiswissen an &hellip; <\/p>\n<p class=\"link-more\"><a href=\"https:\/\/blog.hwr-berlin.de\/professorale-karriere\/zeitplan\/aktuelles-news\/\" class=\"more-link\"><span class=\"screen-reader-text\">\u201eAktuelles\u201c <\/span>weiterlesen<\/a><\/p>\n","protected":false},"author":2,"featured_media":0,"parent":44,"menu_order":0,"comment_status":"closed","ping_status":"closed","template":"","meta":{"footnotes":""},"class_list":["post-40","page","type-page","status-publish","hentry"],"_links":{"self":[{"href":"https:\/\/blog.hwr-berlin.de\/professorale-karriere\/wp-json\/wp\/v2\/pages\/40","targetHints":{"allow":["GET"]}}],"collection":[{"href":"https:\/\/blog.hwr-berlin.de\/professorale-karriere\/wp-json\/wp\/v2\/pages"}],"about":[{"href":"https:\/\/blog.hwr-berlin.de\/professorale-karriere\/wp-json\/wp\/v2\/types\/page"}],"author":[{"embeddable":true,"href":"https:\/\/blog.hwr-berlin.de\/professorale-karriere\/wp-json\/wp\/v2\/users\/2"}],"replies":[{"embeddable":true,"href":"https:\/\/blog.hwr-berlin.de\/professorale-karriere\/wp-json\/wp\/v2\/comments?post=40"}],"version-history":[{"count":45,"href":"https:\/\/blog.hwr-berlin.de\/professorale-karriere\/wp-json\/wp\/v2\/pages\/40\/revisions"}],"predecessor-version":[{"id":905,"href":"https:\/\/blog.hwr-berlin.de\/professorale-karriere\/wp-json\/wp\/v2\/pages\/40\/revisions\/905"}],"up":[{"embeddable":true,"href":"https:\/\/blog.hwr-berlin.de\/professorale-karriere\/wp-json\/wp\/v2\/pages\/44"}],"wp:attachment":[{"href":"https:\/\/blog.hwr-berlin.de\/professorale-karriere\/wp-json\/wp\/v2\/media?parent=40"}],"curies":[{"name":"wp","href":"https:\/\/api.w.org\/{rel}","templated":true}]}}